{"id":127,"date":"2021-03-24T15:57:19","date_gmt":"2021-03-24T15:57:19","guid":{"rendered":"https:\/\/artforlife.es\/?page_id=127"},"modified":"2021-06-22T13:34:10","modified_gmt":"2021-06-22T13:34:10","slug":"formacion-experiencial-y-creativa","status":"publish","type":"page","link":"https:\/\/artforlife.es\/es\/formacion-experiencial-y-creativa\/","title":{"rendered":"Formaci\u00f3n"},"content":{"rendered":"<div class=\"vc_row wpb_row vc_row-fluid titulo_pagina\"><div class=\"caja wpb_column vc_column_container vc_col-sm-12 vc_col-lg-10 vc_col-md-10\"><div class=\"vc_column-inner\"><div class=\"wpb_wrapper\">\n\t<div class=\"wpb_text_column wpb_content_element \" >\n\t\t<div class=\"wpb_wrapper\">\n\t\t\t<h2><strong>SERVICIOS<\/strong><\/h2>\n\n\t\t<\/div>\n\t<\/div>\n\n\t<div  class=\"wpb_single_image wpb_content_element vc_align_left   mancha_titulo\">\n\t\t\n\t\t<figure class=\"wpb_wrapper vc_figure\">\n\t\t\t<div class=\"vc_single_image-wrapper   vc_box_border_grey\"><img decoding=\"async\" width=\"232\" height=\"60\" data-src=\"https:\/\/artforlife.es\/wp-content\/uploads\/2021\/03\/mancha.jpg\" class=\"vc_single_image-img attachment-full lazyload\" alt=\"\" data-srcset=\"https:\/\/artforlife.es\/wp-content\/uploads\/2021\/03\/mancha.jpg 232w, https:\/\/artforlife.es\/wp-content\/uploads\/2021\/03\/mancha-16x4.jpg 16w\" data-sizes=\"(max-width: 232px) 100vw, 232px\" src=\"data:image\/svg+xml;base64,PHN2ZyB3aWR0aD0iMSIgaGVpZ2h0PSIxIiB4bWxucz0iaHR0cDovL3d3dy53My5vcmcvMjAwMC9zdmciPjwvc3ZnPg==\" style=\"--smush-placeholder-width: 232px; --smush-placeholder-aspect-ratio: 232\/60;\" \/><\/div>\n\t\t<\/figure>\n\t<\/div>\n\n\t<div class=\"wpb_text_column wpb_content_element \" >\n\t\t<div class=\"wpb_wrapper\">\n\t\t\t<h1>Formaci\u00f3n Experiencial<\/h1>\n\n\t\t<\/div>\n\t<\/div>\n<\/div><\/div><\/div><\/div><div class=\"vc_row wpb_row vc_row-fluid\"><div class=\"wpb_column vc_column_container vc_col-sm-12 vc_col-lg-6 vc_col-md-6 vc_col-sm-offset-0\"><div class=\"vc_column-inner\"><div class=\"wpb_wrapper\">\n\t<div class=\"wpb_text_column wpb_content_element \" >\n\t\t<div class=\"wpb_wrapper\">\n\t\t\t<h2>\u00bfBuscas experiencias formativas donde aprender sea emocionante?<\/h2>\n<h2><strong>Transforma los contenidos en competencias y las formaciones en experiencias.<\/strong><\/h2>\n\n\t\t<\/div>\n\t<\/div>\n<\/div><\/div><\/div><div class=\"wpb_column vc_column_container vc_col-sm-12 vc_col-lg-6 vc_col-md-6 vc_col-sm-offset-0\"><div class=\"vc_column-inner\"><div class=\"wpb_wrapper\">\n\t<div class=\"wpb_text_column wpb_content_element \" >\n\t\t<div class=\"wpb_wrapper\">\n\t\t\t<p>Las formaciones de Art for Life pueden ayudar a tu organizaci\u00f3n<\/p>\n\n\t\t<\/div>\n\t<\/div>\n<div class=\"vc_row wpb_row vc_inner vc_row-fluid si_lista\"><div class=\"wpb_column vc_column_container vc_col-sm-2 vc_col-lg-2 vc_col-xs-2\"><div class=\"vc_column-inner\"><div class=\"wpb_wrapper\">\n\t<div class=\"wpb_text_column wpb_content_element  lista_servicios\" >\n\t\t<div class=\"wpb_wrapper\">\n\t\t\t<p>Si&#8230;<\/p>\n\n\t\t<\/div>\n\t<\/div>\n<\/div><\/div><\/div><div class=\"wpb_column vc_column_container vc_col-sm-10 vc_col-lg-10 vc_col-xs-10\"><div class=\"vc_column-inner\"><div class=\"wpb_wrapper\">\n\t<div class=\"wpb_text_column wpb_content_element \" >\n\t\t<div class=\"wpb_wrapper\">\n\t\t\t<ul>\n<li class=\"aste_uno\">deseas para tu equipo <strong>un aprendizaje significativo,<\/strong> \u00e9se que genera cambios interesantes.<\/li>\n<li class=\"aste_dos\">quieres trabajar las <strong>competencias profesionales.<\/strong><\/li>\n<li class=\"aste_uno\">tienes un triple objetivo: aprendizaje de <strong>herramientas, cohesionar<\/strong> el equipo y ganar <strong>motivaci\u00f3n.<\/strong><\/li>\n<li class=\"aste_dos\">sue\u00f1as con despertar en tu organizaci\u00f3n el talento individual, colectivo y la <strong>visi\u00f3n compartida.<\/strong><\/li>\n<\/ul>\n\n\t\t<\/div>\n\t<\/div>\n<\/div><\/div><\/div><\/div><\/div><\/div><\/div><\/div><div class=\"vc_row wpb_row vc_row-fluid vc_row-o-content-middle vc_row-flex\"><div class=\"wpb_column vc_column_container vc_col-sm-6 vc_col-lg-offset-6 vc_col-lg-6 vc_col-md-offset-6 vc_col-md-6 vc_col-sm-offset-6\"><div class=\"vc_column-inner\"><div class=\"wpb_wrapper\">\n\t<div class=\"wpb_raw_code wpb_content_element wpb_raw_html formacion_contacto_dibujo\" >\n\t\t<div class=\"wpb_wrapper\">\n\t\t\t<svg viewBox=\"0 0 800 150\" class=\"circulo_medio\">\n  <path stroke-linecap=\"round\" stroke-linejoin=\"round\" class=\"st0\" d=\"M604.82,21.27C436.27,11.9,217.44-7.85,77.77,41.55,47.5,52.26,16.52,70.13,27.69,88.69c5.06,8.42,17.21,15.44,31.54,19.75,52.16,15.71,76.15,20.91,136.25,26.14a2588.87,2588.87,0,0,0,376,5.67c78.9-4.44,114.07-11.44,152.6-25.75,22.75-8.45,47.16-26.26,47.16-46.51,0-18.36-26.08-30.56-65.85-39.9C525.86-14.07,371.17,13.8,182.31,23.46c-26.45,1.35-53.47,3.18-77.16,9.66s-43.79,18.52-46,32.8c-2.34,15,15.6,29.29,38.94,37.57s51.39,11.62,78.88,14.32c98.91,9.71,245.93,13.28,346.29,10.14,49-1.53,102.79-6,134.62-26.09\"\/>\n<\/svg>\n\t\t<\/div>\n\t<\/div>\n\n\t<div class=\"wpb_text_column wpb_content_element  contacto\" >\n\t\t<div class=\"wpb_wrapper\">\n\t\t\t<h2 style=\"text-align: center;\">Contactar con Art for Life<\/h2>\n\n\t\t<\/div>\n\t<\/div>\n<\/div><\/div><\/div><\/div><div class=\"vc_row wpb_row vc_row-fluid tres_columnas\"><div class=\"creativa_dibujo wpb_column vc_column_container vc_col-sm-2 vc_col-lg-offset-3 vc_col-lg-2 vc_col-sm-offset-3 vc_col-xs-6\"><div class=\"vc_column-inner\"><div class=\"wpb_wrapper\">\n\t<div  class=\"wpb_single_image wpb_content_element vc_align_center\">\n\t\t\n\t\t<figure class=\"wpb_wrapper vc_figure\">\n\t\t\t<div class=\"vc_single_image-wrapper   vc_box_border_grey\"><img decoding=\"async\" width=\"1039\" height=\"354\" data-src=\"https:\/\/artforlife.es\/wp-content\/uploads\/2021\/03\/experiencial_1.jpg\" class=\"vc_single_image-img attachment-full lazyload\" alt=\"\" data-srcset=\"https:\/\/artforlife.es\/wp-content\/uploads\/2021\/03\/experiencial_1.jpg 1039w, https:\/\/artforlife.es\/wp-content\/uploads\/2021\/03\/experiencial_1-300x102.jpg 300w, https:\/\/artforlife.es\/wp-content\/uploads\/2021\/03\/experiencial_1-1024x349.jpg 1024w, https:\/\/artforlife.es\/wp-content\/uploads\/2021\/03\/experiencial_1-768x262.jpg 768w, https:\/\/artforlife.es\/wp-content\/uploads\/2021\/03\/experiencial_1-16x5.jpg 16w\" data-sizes=\"(max-width: 1039px) 100vw, 1039px\" src=\"data:image\/svg+xml;base64,PHN2ZyB3aWR0aD0iMSIgaGVpZ2h0PSIxIiB4bWxucz0iaHR0cDovL3d3dy53My5vcmcvMjAwMC9zdmciPjwvc3ZnPg==\" style=\"--smush-placeholder-width: 1039px; --smush-placeholder-aspect-ratio: 1039\/354;\" \/><\/div>\n\t\t<\/figure>\n\t<\/div>\n<\/div><\/div><\/div><div class=\"creativa_dibujo wpb_column vc_column_container vc_col-sm-2 vc_col-lg-offset-3 vc_col-lg-2 vc_col-sm-offset-3 vc_col-xs-6\"><div class=\"vc_column-inner\"><div class=\"wpb_wrapper\">\n\t<div  class=\"wpb_single_image wpb_content_element vc_align_center\">\n\t\t\n\t\t<figure class=\"wpb_wrapper vc_figure\">\n\t\t\t<div class=\"vc_single_image-wrapper   vc_box_border_grey\"><img decoding=\"async\" width=\"1039\" height=\"354\" data-src=\"https:\/\/artforlife.es\/wp-content\/uploads\/2021\/03\/experiencial_2.jpg\" class=\"vc_single_image-img attachment-full lazyload\" alt=\"\" data-srcset=\"https:\/\/artforlife.es\/wp-content\/uploads\/2021\/03\/experiencial_2.jpg 1039w, https:\/\/artforlife.es\/wp-content\/uploads\/2021\/03\/experiencial_2-300x102.jpg 300w, https:\/\/artforlife.es\/wp-content\/uploads\/2021\/03\/experiencial_2-1024x349.jpg 1024w, https:\/\/artforlife.es\/wp-content\/uploads\/2021\/03\/experiencial_2-768x262.jpg 768w, https:\/\/artforlife.es\/wp-content\/uploads\/2021\/03\/experiencial_2-16x5.jpg 16w\" data-sizes=\"(max-width: 1039px) 100vw, 1039px\" src=\"data:image\/svg+xml;base64,PHN2ZyB3aWR0aD0iMSIgaGVpZ2h0PSIxIiB4bWxucz0iaHR0cDovL3d3dy53My5vcmcvMjAwMC9zdmciPjwvc3ZnPg==\" style=\"--smush-placeholder-width: 1039px; --smush-placeholder-aspect-ratio: 1039\/354;\" \/><\/div>\n\t\t<\/figure>\n\t<\/div>\n<\/div><\/div><\/div><div class=\"caja_img sin_padding wpb_column vc_column_container vc_col-sm-4 vc_col-lg-offset-0 vc_col-lg-4 vc_col-xs-12 vc_hidden-xs\"><div class=\"vc_column-inner\"><div class=\"wpb_wrapper\"><figure class=\"\"><img decoding=\"async\" data-src=\"https:\/\/artforlife.es\/wp-content\/uploads\/2021\/04\/006-Art-for-life-Miren-Lauzirika-formacion-experiencial-dinamica.jpg\" alt=\"\" src=\"data:image\/svg+xml;base64,PHN2ZyB3aWR0aD0iMSIgaGVpZ2h0PSIxIiB4bWxucz0iaHR0cDovL3d3dy53My5vcmcvMjAwMC9zdmciPjwvc3ZnPg==\" class=\"lazyload\" style=\"--smush-placeholder-width: 1080px; --smush-placeholder-aspect-ratio: 1080\/608;\" \/><figcaption><\/figcaption><\/figure><\/div><\/div><\/div><div class=\"caja_img sin_padding wpb_column vc_column_container vc_col-sm-4 vc_col-xs-12\"><div class=\"vc_column-inner\"><div class=\"wpb_wrapper\"><figure class=\"\"><img decoding=\"async\" data-src=\"https:\/\/artforlife.es\/wp-content\/uploads\/2021\/04\/006-Art-for-life-Miren-Lauzirika-formacion-experiencial-dinamica_b.jpg\" alt=\"\" src=\"data:image\/svg+xml;base64,PHN2ZyB3aWR0aD0iMSIgaGVpZ2h0PSIxIiB4bWxucz0iaHR0cDovL3d3dy53My5vcmcvMjAwMC9zdmciPjwvc3ZnPg==\" class=\"lazyload\" style=\"--smush-placeholder-width: 1080px; --smush-placeholder-aspect-ratio: 1080\/608;\" \/><figcaption><\/figcaption><\/figure><\/div><\/div><\/div><div class=\"caja_img sin_padding wpb_column vc_column_container vc_col-sm-4 vc_col-xs-12\"><div class=\"vc_column-inner\"><div class=\"wpb_wrapper\"><figure class=\"\"><img decoding=\"async\" data-src=\"https:\/\/artforlife.es\/wp-content\/uploads\/2021\/04\/007-Art-for-life-Miren-Lauzirika-formacion-experiencial-resultados2.jpg\" alt=\"\" src=\"data:image\/svg+xml;base64,PHN2ZyB3aWR0aD0iMSIgaGVpZ2h0PSIxIiB4bWxucz0iaHR0cDovL3d3dy53My5vcmcvMjAwMC9zdmciPjwvc3ZnPg==\" class=\"lazyload\" style=\"--smush-placeholder-width: 1080px; --smush-placeholder-aspect-ratio: 1080\/608;\" \/><figcaption><\/figcaption><\/figure><\/div><\/div><\/div><\/div><div class=\"vc_row wpb_row vc_row-fluid\"><div class=\"wpb_column vc_column_container vc_col-sm-12\"><div class=\"vc_column-inner\"><div class=\"wpb_wrapper\">\n\t<div class=\"wpb_raw_code wpb_content_element wpb_raw_html formacion_contacto_dibujo_dos\" >\n\t\t<div class=\"wpb_wrapper\">\n\t\t\t<svg viewBox=\"0 0 170 15\" class=\"linea_media\">\n  <path stroke-linecap=\"round\" stroke-linejoin=\"round\" class=\"st0\" d=\"M3.28,8.45C57.71,6.29,112.53,6.74,166.81,9.78\"\/>\n<\/svg>\n\t\t<\/div>\n\t<\/div>\n\n\t<div class=\"wpb_text_column wpb_content_element \" >\n\t\t<div class=\"wpb_wrapper\">\n\t\t\t<h2>Descubre la <strong>formaci\u00f3n experiencial<\/strong><\/h2>\n\n\t\t<\/div>\n\t<\/div>\n<\/div><\/div><\/div><div class=\"wpb_column vc_column_container vc_col-sm-6 vc_col-lg-6 vc_col-md-6\"><div class=\"vc_column-inner\"><div class=\"wpb_wrapper\">\n\t<div class=\"wpb_text_column wpb_content_element \" >\n\t\t<div class=\"wpb_wrapper\">\n\t\t\t<p><strong>Las formaciones de Art for Life<\/strong> promueven el <strong>aprendizaje mutuo.<\/strong> A trav\u00e9s de <a href=\"https:\/\/artforlife.es\/herramientas-metodologicas-desarrollar-creatividad\/\">din\u00e1micas grupales<\/a> e individuales emerge un clima que favorece el crecimiento.<\/p>\n<p>&nbsp;<\/p>\n<ul class=\"svg_formacion_dos\">\n<li class=\"aste_uno\">Impulsa el despertar del <strong>potencial creativo.<\/strong><\/li>\n<li class=\"aste_dos\">Pon acento en las <strong>soft skills,<\/strong> para que tu equipo aporte <strong>lo mejor de s\u00ed.<\/strong><\/li>\n<li class=\"aste_tres\">Explora <strong>las herramientas creativas<\/strong> que hacen falta en tu organizaci\u00f3n.<\/li>\n<li class=\"aste_uno\">Ofrece formaciones en las que haya participantes y no solo asistentes.<\/li>\n<li class=\"aste_dos\">Genera <a href=\"https:\/\/artforlife.es\/diseno-y-facilitacion-eventos-y-jornadas\/\"><strong>aprendizaje horizontal:<\/strong><\/a> donde las personas construyen<br \/>\nconocimiento.<\/li>\n<\/ul>\n\n\t\t<\/div>\n\t<\/div>\n<\/div><\/div><\/div><div class=\"wpb_column vc_column_container vc_col-sm-6 vc_col-lg-6 vc_col-md-6\"><div class=\"vc_column-inner\"><div class=\"wpb_wrapper\">\n\t<div class=\"wpb_text_column wpb_content_element \" >\n\t\t<div class=\"wpb_wrapper\">\n\t\t\t<p>Art for Life cuenta con distintas l\u00edneas de formaci\u00f3n combinables como si fueran bloques de construcci\u00f3n. Para que <strong>se ajuste a lo que os hace falta.<\/strong><\/p>\n<p>&nbsp;<\/p>\n<p>Esto se puede traducir tanto en sesiones intensivas, en una conferencia o en programas de larga duraci\u00f3n. Presencial, online o mixto.<\/p>\n\n\t\t<\/div>\n\t<\/div>\n<\/div><\/div><\/div><\/div><div class=\"vc_row wpb_row vc_row-fluid\"><div class=\"wpb_column vc_column_container vc_col-sm-10 vc_col-lg-offset-1 vc_col-lg-10 vc_col-md-offset-1 vc_col-md-10 vc_col-sm-offset-1\"><div class=\"vc_column-inner\"><div class=\"wpb_wrapper\">\n\t<div  class=\"wpb_single_image wpb_content_element vc_align_center\">\n\t\t\n\t\t<figure class=\"wpb_wrapper vc_figure\">\n\t\t\t<div class=\"vc_single_image-wrapper   vc_box_border_grey\"><img decoding=\"async\" width=\"1838\" height=\"711\" data-src=\"https:\/\/artforlife.es\/wp-content\/uploads\/2021\/03\/Disen\u0303o-de-proceso_ES.jpg\" class=\"vc_single_image-img attachment-full lazyload\" alt=\"\" data-srcset=\"https:\/\/artforlife.es\/wp-content\/uploads\/2021\/03\/Disen\u0303o-de-proceso_ES.jpg 1838w, https:\/\/artforlife.es\/wp-content\/uploads\/2021\/03\/Disen\u0303o-de-proceso_ES-300x116.jpg 300w, https:\/\/artforlife.es\/wp-content\/uploads\/2021\/03\/Disen\u0303o-de-proceso_ES-1024x396.jpg 1024w, https:\/\/artforlife.es\/wp-content\/uploads\/2021\/03\/Disen\u0303o-de-proceso_ES-768x297.jpg 768w, https:\/\/artforlife.es\/wp-content\/uploads\/2021\/03\/Disen\u0303o-de-proceso_ES-1536x594.jpg 1536w, https:\/\/artforlife.es\/wp-content\/uploads\/2021\/03\/Disen\u0303o-de-proceso_ES-16x6.jpg 16w\" data-sizes=\"(max-width: 1838px) 100vw, 1838px\" src=\"data:image\/svg+xml;base64,PHN2ZyB3aWR0aD0iMSIgaGVpZ2h0PSIxIiB4bWxucz0iaHR0cDovL3d3dy53My5vcmcvMjAwMC9zdmciPjwvc3ZnPg==\" style=\"--smush-placeholder-width: 1838px; --smush-placeholder-aspect-ratio: 1838\/711;\" \/><\/div>\n\t\t<\/figure>\n\t<\/div>\n<\/div><\/div><\/div><\/div><div class=\"vc_row wpb_row vc_row-fluid\"><div class=\"wpb_column vc_column_container vc_col-sm-3 vc_col-lg-3\"><div class=\"vc_column-inner\"><div class=\"wpb_wrapper\">\n\t<div class=\"wpb_text_column wpb_content_element \" >\n\t\t<div class=\"wpb_wrapper\">\n\t\t\t<h2><strong>\u00bfSabes qu\u00e9?<\/strong><\/h2>\n<h2><strong><\/p>\n\n\t\t<\/div>\n\t<\/div>\n\n\t<div class=\"wpb_raw_code wpb_content_element wpb_raw_html formacion_contacto_dibujo_tres\" >\n\t\t<div class=\"wpb_wrapper\">\n\t\t\t<svg viewBox=\"0 0 170 15\" class=\"linea_media\">\n  <path stroke-linecap=\"round\" stroke-linejoin=\"round\" class=\"st0\" d=\"M3.28,8.45C57.71,6.29,112.53,6.74,166.81,9.78\"\/>\n<\/svg>\n\t\t<\/div>\n\t<\/div>\n<\/div><\/div><\/div><div class=\"wpb_column vc_column_container vc_col-sm-9 vc_col-lg-9\"><div class=\"vc_column-inner\"><div class=\"wpb_wrapper\">\n\t<div class=\"wpb_text_column wpb_content_element \" >\n\t\t<div class=\"wpb_wrapper\">\n\t\t\t<p><\/strong><\/h2>\n<h2>A medio camino entre la formaci\u00f3n y la consultor\u00eda hay un lugar que te interesa: Algunos contenidos <strong>se pueden aprender mediante su aplicaci\u00f3n a casos concretos.<\/strong> Para que, adem\u00e1s de formaros, os llev\u00e9is trabajo hecho.<\/h2>\n\n\t\t<\/div>\n\t<\/div>\n<\/div><\/div><\/div><\/div><div class=\"vc_row wpb_row vc_row-fluid\"><div class=\"sin_padding wpb_column vc_column_container vc_col-sm-12\"><div class=\"vc_column-inner\"><div class=\"wpb_wrapper\"><div class=\"vc_tta-container\" data-vc-action=\"collapse\" id=\"formacion\"><div class=\"vc_general vc_tta vc_tta-accordion vc_tta-color-white vc_tta-style-modern vc_tta-shape-square vc_tta-o-shape-group vc_tta-controls-align-left  acordeon_formacion\"><div class=\"vc_tta-panels-container\"><div class=\"vc_tta-panels\"><div class=\"vc_tta-panel vc_active\" id=\"exclude-competencias-creativas\" data-vc-content=\".vc_tta-panel-body\"><div class=\"vc_tta-panel-heading\"><h4 class=\"vc_tta-panel-title vc_tta-controls-icon-position-left\"><a href=\"#exclude-competencias-creativas\" data-vc-accordion data-vc-container=\".vc_tta-container\"><span class=\"vc_tta-title-text\">1. Competencias creativas: despierta la inspiraci\u00f3n de tu organizaci\u00f3n<\/span><i class=\"vc_tta-controls-icon vc_tta-controls-icon-plus\"><\/i><\/a><\/h4><\/div><div class=\"vc_tta-panel-body\"><div class=\"vc_row wpb_row vc_inner vc_row-fluid\"><div class=\"wpb_column vc_column_container vc_col-sm-6\"><div class=\"vc_column-inner\"><div class=\"wpb_wrapper\">\n\t<div class=\"wpb_text_column wpb_content_element \" >\n\t\t<div class=\"wpb_wrapper\">\n\t\t\t<ul class=\"ul1\">\n<li class=\"li1\"><b>Pensar mejores ideas en equipo<\/b>: el equipo experimenta las claves de un buen engranaje al idear y materializar proyectos.<\/li>\n<li class=\"li2\"><b>Desarrollar la creatividad individual<\/b>: re-conexi\u00f3n con el potencial creativo.<span class=\"Apple-converted-space\">\u00a0<\/span><\/li>\n<li class=\"li2\">Aplicar herramientas creativas para el desbloqueo y t\u00e9cnicas de ideaci\u00f3n. <strong>Hay vida m\u00e1s all\u00e1 del Brainstorming.<span class=\"Apple-converted-space\">\u00a0<\/span><\/strong><\/li>\n<\/ul>\n\n\t\t<\/div>\n\t<\/div>\n<\/div><\/div><\/div><div class=\"wpb_column vc_column_container vc_col-sm-6\"><div class=\"vc_column-inner\"><div class=\"wpb_wrapper\">\n\t<div class=\"wpb_text_column wpb_content_element \" >\n\t\t<div class=\"wpb_wrapper\">\n\t\t\t<ul class=\"ul1\">\n<li class=\"li2\">Aprender a <b>comunicar ideas y <\/b>recibir feedback del equipo. Una competencia profesional imprescindible.<\/li>\n<li class=\"li1\">Entrenar las <b>competencias profesionales para el emprendimiento e intraemprendimiento<\/b>: porque es una actitud y un proceso de autoconocimiento.<\/li>\n<li class=\"li1\"><b>Aprendizaje colaborativo:<\/b> Una metodolog\u00eda que facilita el aprendizaje mutuo en cualquier tema vinculado a competencias.<\/li>\n<\/ul>\n\n\t\t<\/div>\n\t<\/div>\n<\/div><\/div><\/div><\/div><\/div><\/div><div class=\"vc_tta-panel\" id=\"exclude-design-thinking\" data-vc-content=\".vc_tta-panel-body\"><div class=\"vc_tta-panel-heading\"><h4 class=\"vc_tta-panel-title vc_tta-controls-icon-position-left\"><a href=\"#exclude-design-thinking\" data-vc-accordion data-vc-container=\".vc_tta-container\"><span class=\"vc_tta-title-text\">2. Design Thinking: dise\u00f1a productos o servicios innovadores centrados en las personas<\/span><i class=\"vc_tta-controls-icon vc_tta-controls-icon-plus\"><\/i><\/a><\/h4><\/div><div class=\"vc_tta-panel-body\"><div class=\"vc_row wpb_row vc_inner vc_row-fluid\"><div class=\"wpb_column vc_column_container vc_col-sm-6\"><div class=\"vc_column-inner\"><div class=\"wpb_wrapper\">\n\t<div class=\"wpb_text_column wpb_content_element \" >\n\t\t<div class=\"wpb_wrapper\">\n\t\t\t<p class=\"p1\">Es un proceso de <b>innovaci\u00f3n<\/b> para dar soluci\u00f3n a <b>necesidades de las personas usuarias<\/b>. Imita la forma de trabajar utilizada en el<span class=\"Apple-converted-space\">\u00a0 <\/span>dise\u00f1o de producto, planteando retos y provocando la generaci\u00f3n de ideas para la mejora y la innovaci\u00f3n. Incluye un prototipado de cara a mejorar el producto o servicio creado antes de lanzarlo.<span class=\"Apple-converted-space\">\u00a0<\/span><\/p>\n\n\t\t<\/div>\n\t<\/div>\n<\/div><\/div><\/div><div class=\"wpb_column vc_column_container vc_col-sm-6\"><div class=\"vc_column-inner\"><div class=\"wpb_wrapper\">\n\t<div class=\"wpb_text_column wpb_content_element \" >\n\t\t<div class=\"wpb_wrapper\">\n\t\t\t<ul class=\"ul1\">\n<li class=\"li3\"><b>Design Thinking aplicado<\/b>: aprende la metodolog\u00eda mediante un caso pr\u00e1ctico en pocas sesiones.<\/li>\n<li class=\"li3\"><b>Facilita procesos en modo Design Thinking<\/b>: herramientas y habilidades para incorporar a tu forma de liderar.<\/li>\n<li class=\"li3\"><b>Aprende a prototipar y testar<\/b><span class=\"Apple-converted-space\">\u00a0 <\/span>de forma m\u00e1s imaginativa. Lo<span class=\"Apple-converted-space\">\u00a0 <\/span>importante no tiene porqu\u00e9 ser aburrido.<\/li>\n<\/ul>\n\n\t\t<\/div>\n\t<\/div>\n<\/div><\/div><\/div><\/div><\/div><\/div><div class=\"vc_tta-panel\" id=\"exclude-visual-thinking\" data-vc-content=\".vc_tta-panel-body\"><div class=\"vc_tta-panel-heading\"><h4 class=\"vc_tta-panel-title vc_tta-controls-icon-position-left\"><a href=\"#exclude-visual-thinking\" data-vc-accordion data-vc-container=\".vc_tta-container\"><span class=\"vc_tta-title-text\">3. Visual Thinking: una imagen vale m\u00e1s que mil palabras. Y lo sabes.<\/span><i class=\"vc_tta-controls-icon vc_tta-controls-icon-plus\"><\/i><\/a><\/h4><\/div><div class=\"vc_tta-panel-body\"><div class=\"vc_row wpb_row vc_inner vc_row-fluid\"><div class=\"wpb_column vc_column_container vc_col-sm-6\"><div class=\"vc_column-inner\"><div class=\"wpb_wrapper\">\n\t<div class=\"wpb_text_column wpb_content_element \" >\n\t\t<div class=\"wpb_wrapper\">\n\t\t\t<p class=\"p1\">El Visual Thinking es una t\u00e9cnica que transforma la informaci\u00f3n en im\u00e1genes. Su fortaleza reside en que los elementos gr\u00e1ficos facilitan la comprensi\u00f3n r\u00e1pida de ideas y conceptos. Ayuda a <strong>desvelar puntos ciegos<\/strong> porque conecta raz\u00f3n e intuici\u00f3n.<\/p>\n\n\t\t<\/div>\n\t<\/div>\n<\/div><\/div><\/div><div class=\"wpb_column vc_column_container vc_col-sm-6\"><div class=\"vc_column-inner\"><div class=\"wpb_wrapper\">\n\t<div class=\"wpb_text_column wpb_content_element \" >\n\t\t<div class=\"wpb_wrapper\">\n\t\t\t<ul class=\"ul1\">\n<li class=\"li3\">Visual Thinking<b> aplicado a un reto concreto<\/b>: aprende a plasmar conceptos que ayudan a reflexionar y fomentar el pensamiento divergente. <strong>Esto no va de dibujar<\/strong>, sino de ampliar la visi\u00f3n.<\/li>\n<li class=\"li3\">El uso de las <b>met\u00e1foras visuales para la toma de decisiones<\/b>: un m\u00e9todo que mejora la comunicaci\u00f3n interna y permite avanzar en la visi\u00f3n global.<\/li>\n<li class=\"li3\"><a href=\"https:\/\/artforlife.es\/art-thinking-at-work\/\"><b>Art Thinking at Work<\/b>:<\/a> Metodolog\u00eda en la que hacerse nuevas preguntas en equipo. Trabaja retos profesionales estrat\u00e9gicos utilizando el <b>arte como espejo<\/b> de vuestra realidad<span class=\"s1\">\u00a0<\/span><span class=\"s3\">y fomenta el di\u00e1logo productivo.<\/span><\/li>\n<\/ul>\n\n\t\t<\/div>\n\t<\/div>\n<\/div><\/div><\/div><\/div><\/div><\/div><div class=\"vc_tta-panel\" id=\"exclude-sesiones-procecesos\" data-vc-content=\".vc_tta-panel-body\"><div class=\"vc_tta-panel-heading\"><h4 class=\"vc_tta-panel-title vc_tta-controls-icon-position-left\"><a href=\"#exclude-sesiones-procecesos\" data-vc-accordion data-vc-container=\".vc_tta-container\"><span class=\"vc_tta-title-text\">4. Facilitaci\u00f3n de sesiones de trabajo y dise\u00f1o de procesos de innovaci\u00f3n<\/span><i class=\"vc_tta-controls-icon vc_tta-controls-icon-plus\"><\/i><\/a><\/h4><\/div><div class=\"vc_tta-panel-body\"><div class=\"vc_row wpb_row vc_inner vc_row-fluid\"><div class=\"wpb_column vc_column_container vc_col-sm-6\"><div class=\"vc_column-inner\"><div class=\"wpb_wrapper\">\n\t<div class=\"wpb_text_column wpb_content_element \" >\n\t\t<div class=\"wpb_wrapper\">\n\t\t\t<p>Las formaciones en facilitaci\u00f3n de sesiones de trabajo te abren un nuevo mundo: un liderazgo m\u00e1s genuino, reuniones m\u00e1s efectivas, y entornos laborales m\u00e1s felices.<\/p>\n<ul>\n<li>Facilita <strong>reuniones efectivas online y offline<\/strong> dando voz al pensamiento creativo y la participaci\u00f3n<\/li>\n<li>Dise\u00f1a <strong>procesos de decisi\u00f3n colectivos<\/strong> para cohesionar al equipo y facilitar el aprendizaje colaborativo.<\/li>\n<\/ul>\n\n\t\t<\/div>\n\t<\/div>\n<\/div><\/div><\/div><div class=\"wpb_column vc_column_container vc_col-sm-6\"><div class=\"vc_column-inner\"><div class=\"wpb_wrapper\">\n\t<div class=\"wpb_text_column wpb_content_element \" >\n\t\t<div class=\"wpb_wrapper\">\n\t\t\t<ul class=\"ul1\">\n<li>Domina herramientas para <strong>generar ideas<\/strong> con equipos <strong>a distancia.<\/strong><\/li>\n<li>Inventa eventos participativos: dale <strong>otro enfoque a ese congreso<\/strong> con formatos que generan v\u00ednculo emocional. Explora tu caso concreto y aprende herramientas para ocasiones futuras.<\/li>\n<li>Crea din\u00e1micas de grupo: explora <a href=\"https:\/\/artforlife.es\/herramientas-metodologicas-desarrollar-creatividad\/\"><strong>juegos<\/strong> de equipo<\/a>\u00a0 y <strong>descubre un m\u00e9todo para generar nuevos<\/strong> en funci\u00f3n de objetivos concretos.<\/li>\n<li>Aprende a ense\u00f1ar de forma din\u00e1mica: transforma los <strong>contenidos en competencias<\/strong> y las <strong>formaciones en experiencias.<\/strong><\/li>\n<\/ul>\n\n\t\t<\/div>\n\t<\/div>\n<\/div><\/div><\/div><\/div><\/div><\/div><\/div><\/div><\/div><\/div><\/div><\/div><\/div><\/div><div class=\"vc_row wpb_row vc_row-fluid vc_row-o-content-middle vc_row-flex\"><div class=\"wpb_column vc_column_container vc_col-sm-6 vc_col-lg-6 vc_col-xs-12\"><div class=\"vc_column-inner\"><div class=\"wpb_wrapper\">\n\t<div class=\"wpb_text_column wpb_content_element \" >\n\t\t<div class=\"wpb_wrapper\">\n\t\t\t<h2 class=\"p1\"><strong>Si buscas promover h\u00e1bitos creativos en tu organizaci\u00f3n, contacta con Art for Life<\/strong><\/h2>\n\n\t\t<\/div>\n\t<\/div>\n<\/div><\/div><\/div><div class=\"wpb_column vc_column_container vc_col-sm-2 vc_col-lg-offset-1 vc_col-lg-2 vc_col-sm-offset-1 vc_col-xs-4\"><div class=\"vc_column-inner\"><div class=\"wpb_wrapper\">\n\t<div  class=\"wpb_single_image wpb_content_element vc_align_center\">\n\t\t\n\t\t<figure class=\"wpb_wrapper vc_figure\">\n\t\t\t<div class=\"vc_single_image-wrapper   vc_box_border_grey\"><img decoding=\"async\" width=\"75\" height=\"51\" data-src=\"https:\/\/artforlife.es\/wp-content\/uploads\/2021\/03\/flecha_03.png\" class=\"vc_single_image-img attachment-full lazyload\" alt=\"\" data-srcset=\"https:\/\/artforlife.es\/wp-content\/uploads\/2021\/03\/flecha_03.png 75w, https:\/\/artforlife.es\/wp-content\/uploads\/2021\/03\/flecha_03-16x12.png 16w\" data-sizes=\"(max-width: 75px) 100vw, 75px\" src=\"data:image\/svg+xml;base64,PHN2ZyB3aWR0aD0iMSIgaGVpZ2h0PSIxIiB4bWxucz0iaHR0cDovL3d3dy53My5vcmcvMjAwMC9zdmciPjwvc3ZnPg==\" style=\"--smush-placeholder-width: 75px; --smush-placeholder-aspect-ratio: 75\/51;\" \/><\/div>\n\t\t<\/figure>\n\t<\/div>\n<\/div><\/div><\/div><div class=\"wpb_column vc_column_container vc_col-sm-3 vc_col-lg-3 vc_col-xs-8\"><div class=\"vc_column-inner\"><div class=\"wpb_wrapper\">\n\t<div class=\"wpb_raw_code wpb_content_element wpb_raw_html formacion_contacto_dibujo_cuatro\" >\n\t\t<div class=\"wpb_wrapper\">\n\t\t\t<svg viewBox=\"0 0 500 300\" class=\"circulo_medio\">\n  <path stroke-linecap=\"round\" stroke-linejoin=\"round\" class=\"st0\" d=\"M291.51,32.29C251.32,21.94,209,24.92,167.76,29.83c-16.3,1.94-32.83,4.25-47.78,11-17.44,7.9-31.73,21.46-43.93,36.21-17.46,21.1-31.83,47.08-29.76,74.38,2,25.74,18.25,48.29,37.17,65.85,42.42,39.36,99.81,60,157.4,65.72,29.72,2.94,60.05,2.11,89-5.27a202.82,202.82,0,0,0,120-87.2c10.57-16.74,18.77-35.53,19.83-55.3C471.4,102.6,453,71.17,427.44,50.82s-57.58-31-89.6-37.54a433.87,433.87,0,0,0-206.76,8.09C114.92,26,98.83,31.75,84.81,41.05S59.11,63.12,49,76.69c-9.54,12.79-18,26.74-21.81,42.24-6,24.43.43,50.56,12.3,72.73,21.68,40.43,60.93,69.76,104.12,85.23s90.15,18,135.85,14c26.71-2.36,53.53-7,78-17.92,19.19-8.54,36.54-20.72,52.95-33.84,19.4-15.5,38-32.77,50.43-54.26s18.28-47.82,11-71.58c-8.84-29-35-49.22-61.46-64C359.78,20.87,301.9,4.86,243.84,5.68S127.7,24.5,80.78,58.69C68.44,67.68,56.71,78,48.57,90.86\"\/>\n<\/svg>\n\t\t<\/div>\n\t<\/div>\n\n\t<div class=\"wpb_text_column wpb_content_element  contacto\" >\n\t\t<div class=\"wpb_wrapper\">\n\t\t\t<h2 style=\"text-align: center;\">Contactar con<br \/>\nArt for Life<\/h2>\n\n\t\t<\/div>\n\t<\/div>\n<\/div><\/div><\/div><\/div><div class=\"vc_row wpb_row vc_row-fluid dos_columnas\"><div class=\"creativa_dibujo svg_formacion wpb_column vc_column_container vc_col-sm-2 vc_col-lg-offset-5 vc_col-lg-2 vc_col-sm-offset-5 vc_col-xs-6\"><div class=\"vc_column-inner\"><div class=\"wpb_wrapper\">\n\t<div  class=\"wpb_single_image wpb_content_element vc_align_center\">\n\t\t\n\t\t<figure class=\"wpb_wrapper vc_figure\">\n\t\t\t<div class=\"vc_single_image-wrapper   vc_box_border_grey\"><img decoding=\"async\" width=\"1039\" height=\"354\" data-src=\"https:\/\/artforlife.es\/wp-content\/uploads\/2021\/03\/experiencial_1.jpg\" class=\"vc_single_image-img attachment-full lazyload\" alt=\"\" data-srcset=\"https:\/\/artforlife.es\/wp-content\/uploads\/2021\/03\/experiencial_1.jpg 1039w, https:\/\/artforlife.es\/wp-content\/uploads\/2021\/03\/experiencial_1-300x102.jpg 300w, https:\/\/artforlife.es\/wp-content\/uploads\/2021\/03\/experiencial_1-1024x349.jpg 1024w, https:\/\/artforlife.es\/wp-content\/uploads\/2021\/03\/experiencial_1-768x262.jpg 768w, https:\/\/artforlife.es\/wp-content\/uploads\/2021\/03\/experiencial_1-16x5.jpg 16w\" data-sizes=\"(max-width: 1039px) 100vw, 1039px\" src=\"data:image\/svg+xml;base64,PHN2ZyB3aWR0aD0iMSIgaGVpZ2h0PSIxIiB4bWxucz0iaHR0cDovL3d3dy53My5vcmcvMjAwMC9zdmciPjwvc3ZnPg==\" style=\"--smush-placeholder-width: 1039px; --smush-placeholder-aspect-ratio: 1039\/354;\" \/><\/div>\n\t\t<\/figure>\n\t<\/div>\n<\/div><\/div><\/div><div class=\"caja_img sin_padding wpb_column vc_column_container vc_col-sm-6 vc_col-lg-offset-0 vc_col-lg-6 vc_col-xs-12\"><div class=\"vc_column-inner\"><div class=\"wpb_wrapper\"><figure class=\"\"><img decoding=\"async\" data-src=\"https:\/\/artforlife.es\/wp-content\/uploads\/2021\/04\/008-Art-for-life-Miren-Lauzirika-formacion-experiencial-incompany-copia.jpg\" alt=\"\" src=\"data:image\/svg+xml;base64,PHN2ZyB3aWR0aD0iMSIgaGVpZ2h0PSIxIiB4bWxucz0iaHR0cDovL3d3dy53My5vcmcvMjAwMC9zdmciPjwvc3ZnPg==\" class=\"lazyload\" style=\"--smush-placeholder-width: 1525px; --smush-placeholder-aspect-ratio: 1525\/858;\" \/><figcaption><\/figcaption><\/figure><\/div><\/div><\/div><div class=\"caja_img sin_padding wpb_column vc_column_container vc_col-sm-6 vc_col-lg-6 vc_col-xs-12\"><div class=\"vc_column-inner\"><div class=\"wpb_wrapper\"><figure class=\"\"><img decoding=\"async\" data-src=\"https:\/\/artforlife.es\/wp-content\/uploads\/2021\/04\/013_Art-for-life-Miren-Lauzirika-Disen\u0303o-facilitacion-jornadas-itinerario.jpg\" alt=\"\" src=\"data:image\/svg+xml;base64,PHN2ZyB3aWR0aD0iMSIgaGVpZ2h0PSIxIiB4bWxucz0iaHR0cDovL3d3dy53My5vcmcvMjAwMC9zdmciPjwvc3ZnPg==\" class=\"lazyload\" style=\"--smush-placeholder-width: 1525px; --smush-placeholder-aspect-ratio: 1525\/858;\" \/><figcaption><\/figcaption><\/figure><\/div><\/div><\/div><\/div><div class=\"vc_row wpb_row vc_row-fluid tres_columnas\"><div class=\"wpb_column vc_column_container vc_col-sm-12 vc_col-lg-12 vc_col-sm-offset-0 vc_col-xs-12\"><div class=\"vc_column-inner\"><div class=\"wpb_wrapper\">\n\t<div class=\"wpb_text_column wpb_content_element \" >\n\t\t<div class=\"wpb_wrapper\">\n\t\t\t<h2 style=\"text-align: center;\">Descubre m\u00e1s sobre c\u00f3mo trabaja <span class=\"br_descubre\"><br \/>\n<\/span>Art for Life<\/h2>\n\n\t\t<\/div>\n\t<\/div>\n<\/div><\/div><\/div><div class=\"descubre metodologia wpb_column vc_column_container vc_col-sm-4 vc_col-lg-4 vc_col-xs-12\"><div class=\"vc_column-inner\"><div class=\"wpb_wrapper\">\n\t<div class=\"wpb_text_column wpb_content_element  translation-block\" >\n\t\t<div class=\"wpb_wrapper\">\n\t\t\t<h2 style=\"text-align: center;\"><a href=\"https:\/\/artforlife.es\/metodologias-participativas-y-creativas\/\"><strong>Metodolog\u00edas participativas<\/strong><\/a><\/h2>\n\n\t\t<\/div>\n\t<\/div>\n<\/div><\/div><\/div><div class=\"descubre metodologia wpb_column vc_column_container vc_col-sm-4 vc_col-lg-4 vc_col-xs-12\"><div class=\"vc_column-inner\"><div class=\"wpb_wrapper\">\n\t<div class=\"wpb_text_column wpb_content_element  translation-block\" >\n\t\t<div class=\"wpb_wrapper\">\n\t\t\t<h2 style=\"text-align: center;\"><a href=\"https:\/\/artforlife.es\/herramientas-metodologicas-desarrollar-creatividad\/\"><strong>Herramientas<\/strong><\/a><\/h2>\n\n\t\t<\/div>\n\t<\/div>\n<\/div><\/div><\/div><div class=\"descubre metodologia wpb_column vc_column_container vc_col-sm-4 vc_col-lg-4 vc_col-xs-12\"><div class=\"vc_column-inner\"><div class=\"wpb_wrapper\">\n\t<div class=\"wpb_text_column wpb_content_element  translation-block\" >\n\t\t<div class=\"wpb_wrapper\">\n\t\t\t<h2 style=\"text-align: center;\"><a href=\"https:\/\/artforlife.es\/beneficios-de-las-metodologias-participativas\/\"><strong>Beneficios<\/strong><\/a><\/h2>\n\n\t\t<\/div>\n\t<\/div>\n<\/div><\/div><\/div><\/div>\n","protected":false},"excerpt":{"rendered":"SERVICIOS Formaci\u00f3n Experiencial \u00bfBuscas experiencias formativas donde aprender sea emocionante? Transforma los contenidos en competencias y las formaciones en experiencias. Las formaciones de Art for Life pueden ayudar a tu organizaci\u00f3n Si... deseas para tu equipo un aprendizaje significativo, \u00e9se que genera cambios interesantes. quieres trabajar las competencias profesionales. tienes un triple objetivo: aprendizaje de [...]","protected":false},"author":1,"featured_media":0,"parent":0,"menu_order":0,"comment_status":"closed","ping_status":"closed","template":"","meta":{"footnotes":""},"class_list":["post-127","page","type-page","status-publish","hentry"],"yoast_head":"<!-- This site is optimized with the Yoast SEO plugin v27.5 - https:\/\/yoast.com\/product\/yoast-seo-wordpress\/ -->\n<title>Formaci\u00f3n experiencial - Art for life!<\/title>\n<meta name=\"description\" content=\"La formaci\u00f3n experiencial despierta el talento de las personas y activa h\u00e1bitos creativos en la organizaci\u00f3n. Art for Life activa el aprendizaje horizontal.\" \/>\n<meta name=\"robots\" content=\"index, follow, max-snippet:-1, max-image-preview:large, max-video-preview:-1\" \/>\n<link rel=\"canonical\" href=\"https:\/\/artforlife.es\/es\/formacion-experiencial-y-creativa\/\" \/>\n<meta property=\"og:locale\" content=\"es_ES\" \/>\n<meta property=\"og:type\" content=\"article\" \/>\n<meta property=\"og:title\" content=\"Formaci\u00f3n experiencial - Art for life!\" \/>\n<meta property=\"og:description\" content=\"La formaci\u00f3n experiencial despierta el talento de las personas y activa h\u00e1bitos creativos en la organizaci\u00f3n. Art for Life activa el aprendizaje horizontal.\" \/>\n<meta property=\"og:url\" content=\"https:\/\/artforlife.es\/es\/formacion-experiencial-y-creativa\/\" \/>\n<meta property=\"og:site_name\" content=\"Art for life!\" \/>\n<meta property=\"article:modified_time\" content=\"2021-06-22T13:34:10+00:00\" \/>\n<meta name=\"twitter:card\" content=\"summary_large_image\" \/>\n<meta name=\"twitter:site\" content=\"@mirenlauzirika\" \/>\n<meta name=\"twitter:label1\" content=\"Tiempo de lectura\" \/>\n\t<meta name=\"twitter:data1\" content=\"5 minutos\" \/>\n<script type=\"application\/ld+json\" class=\"yoast-schema-graph\">{\"@context\":\"https:\\\/\\\/schema.org\",\"@graph\":[{\"@type\":\"WebPage\",\"@id\":\"https:\\\/\\\/artforlife.es\\\/eu\\\/prestakuntza\\\/\",\"url\":\"https:\\\/\\\/artforlife.es\\\/eu\\\/prestakuntza\\\/\",\"name\":\"Formaci\u00f3n experiencial - Art for life!\",\"isPartOf\":{\"@id\":\"https:\\\/\\\/artforlife.es\\\/es\\\/#website\"},\"datePublished\":\"2021-03-24T15:57:19+00:00\",\"dateModified\":\"2021-06-22T13:34:10+00:00\",\"description\":\"La formaci\u00f3n experiencial despierta el talento de las personas y activa h\u00e1bitos creativos en la organizaci\u00f3n. Art for Life activa el aprendizaje horizontal.\",\"breadcrumb\":{\"@id\":\"https:\\\/\\\/artforlife.es\\\/eu\\\/prestakuntza\\\/#breadcrumb\"},\"inLanguage\":\"es\",\"potentialAction\":[{\"@type\":\"ReadAction\",\"target\":[\"https:\\\/\\\/artforlife.es\\\/eu\\\/prestakuntza\\\/\"]}]},{\"@type\":\"BreadcrumbList\",\"@id\":\"https:\\\/\\\/artforlife.es\\\/eu\\\/prestakuntza\\\/#breadcrumb\",\"itemListElement\":[{\"@type\":\"ListItem\",\"position\":1,\"name\":\"Portada\",\"item\":\"https:\\\/\\\/artforlife.es\\\/\"},{\"@type\":\"ListItem\",\"position\":2,\"name\":\"Formaci\u00f3n\"}]},{\"@type\":\"WebSite\",\"@id\":\"https:\\\/\\\/artforlife.es\\\/es\\\/#website\",\"url\":\"https:\\\/\\\/artforlife.es\\\/es\\\/\",\"name\":\"Art for life!\",\"description\":\"Consultor\u00eda creativa y formaci\u00f3n\",\"publisher\":{\"@id\":\"https:\\\/\\\/artforlife.es\\\/es\\\/#organization\"},\"potentialAction\":[{\"@type\":\"SearchAction\",\"target\":{\"@type\":\"EntryPoint\",\"urlTemplate\":\"https:\\\/\\\/artforlife.es\\\/es\\\/?s={search_term_string}\"},\"query-input\":{\"@type\":\"PropertyValueSpecification\",\"valueRequired\":true,\"valueName\":\"search_term_string\"}}],\"inLanguage\":\"es\"},{\"@type\":\"Organization\",\"@id\":\"https:\\\/\\\/artforlife.es\\\/es\\\/#organization\",\"name\":\"Art for Life!\",\"url\":\"https:\\\/\\\/artforlife.es\\\/es\\\/\",\"logo\":{\"@type\":\"ImageObject\",\"inLanguage\":\"es\",\"@id\":\"https:\\\/\\\/artforlife.es\\\/es\\\/#\\\/schema\\\/logo\\\/image\\\/\",\"url\":\"https:\\\/\\\/artforlife.es\\\/wp-content\\\/uploads\\\/2021\\\/04\\\/cropped-A.png\",\"contentUrl\":\"https:\\\/\\\/artforlife.es\\\/wp-content\\\/uploads\\\/2021\\\/04\\\/cropped-A.png\",\"width\":512,\"height\":512,\"caption\":\"Art for Life!\"},\"image\":{\"@id\":\"https:\\\/\\\/artforlife.es\\\/es\\\/#\\\/schema\\\/logo\\\/image\\\/\"},\"sameAs\":[\"https:\\\/\\\/x.com\\\/mirenlauzirika\",\"https:\\\/\\\/www.instagram.com\\\/miren_lauzirika\\\/\",\"https:\\\/\\\/www.linkedin.com\\\/in\\\/mirenlauzirika\\\/\"]}]}<\/script>\n<!-- \/ Yoast SEO plugin. -->","yoast_head_json":{"title":"Formaci\u00f3n experiencial - Art for life!","description":"La formaci\u00f3n experiencial despierta el talento de las personas y activa h\u00e1bitos creativos en la organizaci\u00f3n. Art for Life activa el aprendizaje horizontal.","robots":{"index":"index","follow":"follow","max-snippet":"max-snippet:-1","max-image-preview":"max-image-preview:large","max-video-preview":"max-video-preview:-1"},"canonical":"https:\/\/artforlife.es\/es\/formacion-experiencial-y-creativa\/","og_locale":"es_ES","og_type":"article","og_title":"Formaci\u00f3n experiencial - Art for life!","og_description":"La formaci\u00f3n experiencial despierta el talento de las personas y activa h\u00e1bitos creativos en la organizaci\u00f3n. Art for Life activa el aprendizaje horizontal.","og_url":"https:\/\/artforlife.es\/es\/formacion-experiencial-y-creativa\/","og_site_name":"Art for life!","article_modified_time":"2021-06-22T13:34:10+00:00","twitter_card":"summary_large_image","twitter_site":"@mirenlauzirika","twitter_misc":{"Tiempo de lectura":"5 minutos"},"schema":{"@context":"https:\/\/schema.org","@graph":[{"@type":"WebPage","@id":"https:\/\/artforlife.es\/eu\/prestakuntza\/","url":"https:\/\/artforlife.es\/eu\/prestakuntza\/","name":"Formaci\u00f3n experiencial - Art for life!","isPartOf":{"@id":"https:\/\/artforlife.es\/es\/#website"},"datePublished":"2021-03-24T15:57:19+00:00","dateModified":"2021-06-22T13:34:10+00:00","description":"La formaci\u00f3n experiencial despierta el talento de las personas y activa h\u00e1bitos creativos en la organizaci\u00f3n. Art for Life activa el aprendizaje horizontal.","breadcrumb":{"@id":"https:\/\/artforlife.es\/eu\/prestakuntza\/#breadcrumb"},"inLanguage":"es","potentialAction":[{"@type":"ReadAction","target":["https:\/\/artforlife.es\/eu\/prestakuntza\/"]}]},{"@type":"BreadcrumbList","@id":"https:\/\/artforlife.es\/eu\/prestakuntza\/#breadcrumb","itemListElement":[{"@type":"ListItem","position":1,"name":"Portada","item":"https:\/\/artforlife.es\/"},{"@type":"ListItem","position":2,"name":"Formaci\u00f3n"}]},{"@type":"WebSite","@id":"https:\/\/artforlife.es\/es\/#website","url":"https:\/\/artforlife.es\/es\/","name":"Art for life!","description":"Consultor\u00eda creativa y formaci\u00f3n","publisher":{"@id":"https:\/\/artforlife.es\/es\/#organization"},"potentialAction":[{"@type":"SearchAction","target":{"@type":"EntryPoint","urlTemplate":"https:\/\/artforlife.es\/es\/?s={search_term_string}"},"query-input":{"@type":"PropertyValueSpecification","valueRequired":true,"valueName":"search_term_string"}}],"inLanguage":"es"},{"@type":"Organization","@id":"https:\/\/artforlife.es\/es\/#organization","name":"Art for Life!","url":"https:\/\/artforlife.es\/es\/","logo":{"@type":"ImageObject","inLanguage":"es","@id":"https:\/\/artforlife.es\/es\/#\/schema\/logo\/image\/","url":"https:\/\/artforlife.es\/wp-content\/uploads\/2021\/04\/cropped-A.png","contentUrl":"https:\/\/artforlife.es\/wp-content\/uploads\/2021\/04\/cropped-A.png","width":512,"height":512,"caption":"Art for Life!"},"image":{"@id":"https:\/\/artforlife.es\/es\/#\/schema\/logo\/image\/"},"sameAs":["https:\/\/x.com\/mirenlauzirika","https:\/\/www.instagram.com\/miren_lauzirika\/","https:\/\/www.linkedin.com\/in\/mirenlauzirika\/"]}]}},"_links":{"self":[{"href":"https:\/\/artforlife.es\/es\/wp-json\/wp\/v2\/pages\/127","targetHints":{"allow":["GET"]}}],"collection":[{"href":"https:\/\/artforlife.es\/es\/wp-json\/wp\/v2\/pages"}],"about":[{"href":"https:\/\/artforlife.es\/es\/wp-json\/wp\/v2\/types\/page"}],"author":[{"embeddable":true,"href":"https:\/\/artforlife.es\/es\/wp-json\/wp\/v2\/users\/1"}],"replies":[{"embeddable":true,"href":"https:\/\/artforlife.es\/es\/wp-json\/wp\/v2\/comments?post=127"}],"version-history":[{"count":114,"href":"https:\/\/artforlife.es\/es\/wp-json\/wp\/v2\/pages\/127\/revisions"}],"predecessor-version":[{"id":1388,"href":"https:\/\/artforlife.es\/es\/wp-json\/wp\/v2\/pages\/127\/revisions\/1388"}],"wp:attachment":[{"href":"https:\/\/artforlife.es\/es\/wp-json\/wp\/v2\/media?parent=127"}],"curies":[{"name":"wp","href":"https:\/\/api.w.org\/{rel}","templated":true}]}}