{"id":3,"date":"2020-11-11T17:06:09","date_gmt":"2020-11-11T17:06:09","guid":{"rendered":"https:\/\/artforlife.es\/artforlife\/?page_id=3"},"modified":"2021-06-23T07:31:26","modified_gmt":"2021-06-23T07:31:26","slug":"politica-privacidad","status":"publish","type":"page","link":"https:\/\/artforlife.es\/es\/politica-privacidad\/","title":{"rendered":"Pol\u00edtica de privacidad"},"content":{"rendered":"<div class=\"vc_row wpb_row vc_row-fluid\"><div class=\"caja wpb_column vc_column_container vc_col-sm-10 vc_col-lg-10\"><div class=\"vc_column-inner\"><div class=\"wpb_wrapper\">\n\t<div class=\"wpb_text_column wpb_content_element \" >\n\t\t<div class=\"wpb_wrapper\">\n\t\t\t<h1>Pol\u00edtica de Privacidad<\/h1>\n\n\t\t<\/div>\n\t<\/div>\n<\/div><\/div><\/div><\/div><div class=\"vc_row wpb_row vc_row-fluid texto_about_peque\"><div class=\"wpb_column vc_column_container vc_col-sm-12 vc_col-lg-12\"><div class=\"vc_column-inner\"><div class=\"wpb_wrapper\">\n\t<div class=\"wpb_text_column wpb_content_element \" >\n\t\t<div class=\"wpb_wrapper\">\n\t\t\t<p class=\"p1\"><b>1. \u00bfQui\u00e9n es responsable del tratamiento de tus datos?<\/b><\/p>\n<p class=\"p1\"><b>NOMBRE: <\/b>MIREN BEGO\u00d1A LAUZIRIKA JAUREGI, en adelante, ART FOR LIFE<\/p>\n<p class=\"p1\"><b>NIF: <\/b>16.071.028-P<\/p>\n<p class=\"p1\"><b>DOMICILIO:<\/b> C\/ NOVIA SALCEDO 30, 2\u00ba IZDA de GETXO \u2013 48.930 (BIZKAIA)<\/p>\n<p class=\"p3\"><b>EMAIL: <\/b>MIREN@ARTFORLIFE.ES<\/p>\n<p>&nbsp;<\/p>\n<p class=\"p3\"><b>2. \u00bfCon qu\u00e9 finalidad tratamos tus datos personales?<\/b><\/p>\n<p class=\"p3\">Nuestra empresa trata la informaci\u00f3n que nos facilitan las personas interesadas con el fin de:<\/p>\n<p class=\"p3\">a) ejecutar el precontrato o contrato al adquirir uno de nuestros productos \u00f3 servicios.<span class=\"Apple-converted-space\">\u00a0<\/span><\/p>\n<p class=\"p3\">b) responder a tus consultas si nos has contactado v\u00eda email \u00f3 formulario web.<\/p>\n<p class=\"p3\">c) en caso de que nos hayas dado tu consentimiento expreso, para el env\u00edo de informaci\u00f3n comercial de nuestra empresa que pueda ser de tu inter\u00e9s.<\/p>\n<p class=\"p3\">d) gestionar los comentarios que se publican en nuestra web.<\/p>\n<p class=\"p3\">e) si nos has dado tu consentimiento expreso, podemos utilizar tu imagen con fines promocionales en nuestra web y en las distintas redes sociales.<\/p>\n<p>&nbsp;<\/p>\n<p class=\"p3\"><b>3. \u00bfPor cu\u00e1nto tiempo conservaremos tus datos?<\/b><\/p>\n<p class=\"p3\">a) Si mantenemos una relaci\u00f3n contractual \u00f3 precontractual, los conservaremos durante los periodos que establece la normativa vigente a efectos de posibles reclamaciones o cumplimiento de una obligaci\u00f3n legal establecida. Si nos solicitas su supresi\u00f3n, podremos conservarlos bloqueados por este motivo.<\/p>\n<p class=\"p3\">b) Si nos has contactado a trav\u00e9s del formulario de contacto \u00f3 directamente al email y no tenemos una relaci\u00f3n contractual \u00f3 precontractual, conservaremos tus datos por el tiempo estrictamente necesario para responder a tu solicitud.<\/p>\n<p class=\"p3\">c) Si te has suscrito a nuestro blog \u00f3 newsletter, los conservaremos mientras no nos solicites su supresi\u00f3n.<span class=\"Apple-converted-space\">\u00a0<\/span><\/p>\n<p class=\"p3\">d) Si has participado con alg\u00fan comentario en nuestra web, los conservaremos mientras no nos solicites su supresi\u00f3n.<span class=\"Apple-converted-space\">\u00a0<\/span><\/p>\n<p class=\"p3\">e) En el caso de que expresamente consientas que utilicemos tu imagen con fines promocionales, la conservaremos mientras no nos solicites su supresi\u00f3n.<\/p>\n<p>&nbsp;<\/p>\n<p class=\"p3\"><b>4. \u00bfCu\u00e1l es la legitimaci\u00f3n para el tratamiento de tus datos?<\/b><\/p>\n<p class=\"p3\">La base legal para el tratamiento de tus datos es:<\/p>\n<p class=\"p3\">a) si tenemos un contrato y para todo lo referente al mismo, su ejecuci\u00f3n.<span class=\"Apple-converted-space\">\u00a0<\/span><\/p>\n<p class=\"p3\">b) para enviarte informaci\u00f3n sobre las novedades de nuestra empresa, tu consentimiento expreso.<span class=\"Apple-converted-space\">\u00a0<\/span><\/p>\n<p class=\"p3\">c) para responder a los emails que nos puedas enviar directamente \u00f3 v\u00eda formulario web, nos basamos en tu consentimiento basado en la relaci\u00f3n contractual \u00f3 precontractual que establecemos.<\/p>\n<p class=\"p3\">d) el tratamiento de tus datos para insertar los comentarios en la web, se basa as\u00ed mismo en el consentimiento que nos das al aceptar la casilla de privacidad y enviar el comentario.<\/p>\n<p class=\"p3\">e) para el uso de tu imagen con fines promocionales, recabaremos siempre previamente tu consentimiento expreso.<\/p>\n<p>&nbsp;<\/p>\n<p class=\"p3\"><b>5. \u00bfA qu\u00e9 destinatarios se comunicar\u00e1n tus datos?<\/b><\/p>\n<p class=\"p3\">No cedemos tus datos, salvo obligaci\u00f3n legal. A\u00fan as\u00ed debes saber que trabajamos con empresas que se encargan de ciertos tratamientos y que, como tales, tienen acceso a ciertos datos. Por ejemplo, si hemos firmado un contrato, algunos de tus datos pueden ser comunicados a nuestra asesor\u00eda fiscal y contable as\u00ed como a entidades bancarias al efecto de la gesti\u00f3n del cobro.<\/p>\n<p class=\"p3\">Tambi\u00e9n trabajamos con una empresa encargada del alojamiento web y del email hosting. Para ello hemos elegido una empresa espa\u00f1ola, asegurando as\u00ed que tus datos est\u00e9n amparados por la normativa estatal y europea.<\/p>\n<p class=\"p3\">Como ya comunicamos en la Pol\u00edtica de cookies, trabajamos con Google para la anal\u00edtica web (Google Analitycs). Esta empresa estadounidense cumple los est\u00e1ndares de privacidad establecidos por la Uni\u00f3n Europea, hall\u00e1ndose dentro del acuerdo Privacy Shield.<\/p>\n<p class=\"p3\">Asimismo, te informamos de que el env\u00edo de la informaci\u00f3n comercial (newsletter) se realiza a trav\u00e9s de Mailchimp, una herramienta perteneciente a la empresa estadounidense \u201cThe Rocket Science LLD\u201d, empresa adscrita al acuerdo Privacy Shield y, por tanto, cumplidora de los requerimientos de privacidad de los datos exigidos por la normativa europea. En el proceso de verificaci\u00f3n v\u00eda email de la suscripci\u00f3n, podr\u00e1s obtener informaci\u00f3n m\u00e1s detallada sobre la Pol\u00edtica de Privacidad de esta empresa.<\/p>\n<p class=\"p3\">Si nos has dado tu consentimiento para el uso de tu imagen, debes saber que tus datos (de imagen, en este caso) ser\u00e1n comunicados a las diversas redes sociales con las que trabajemos. Todas ellas cuentan con protocolos de seguridad acordes con la normativa europea.<\/p>\n<p class=\"p3\">Disponemos de un contrato de confidencialidad con nuestros colaboradores encargados del tratamiento, quienes se comprometen a garantizar la seguridad de tus datos y a cumplir con la legislaci\u00f3n vigente en dicha materia.<\/p>\n<p>&nbsp;<\/p>\n<p class=\"p3\"><b>6. \u00bfCu\u00e1les son tus derechos cuando nos facilitas tus datos?<\/b><\/p>\n<p class=\"p3\">Cualquier persona tiene derecho a obtener confirmaci\u00f3n sobre si estamos tratando datos que les conciernan, o no.<\/p>\n<p class=\"p3\">Las personas interesadas tienen derecho a acceder a sus datos personales, as\u00ed como a solicitar la rectificaci\u00f3n de los datos inexactos o, en su caso, solicitar su supresi\u00f3n cuando, entre otros motivos, los datos ya no sean necesarios para los fines que fueron recogidos.<\/p>\n<p class=\"p3\">En determinadas circunstancias, los interesados podr\u00e1n solicitar la limitaci\u00f3n del tratamiento de sus datos, en cuyo caso \u00fanicamente los conservaremos para el ejercicio o la defensa de reclamaciones.<\/p>\n<p class=\"p3\">En determinadas circunstancias y por motivos relacionados con su situaci\u00f3n particular, los interesados podr\u00e1n oponerse al tratamiento de sus datos. En este caso dejaremos de tratar tus datos, salvo por motivos leg\u00edtimos imperiosos, o el ejercicio o la defensa de posibles reclamaciones.<\/p>\n<p class=\"p3\">Puedes ejercer el derecho a la portabilidad de tus datos, transmiti\u00e9ndole los datos tratados por medios automatizados a otro responsable, si lo solicitas.<\/p>\n<p class=\"p3\">En el caso de que se haya otorgado el consentimiento para una finalidad espec\u00edfica, puedes retirar tu consentimiento en cualquier momento, sin que afecte a la licitud del tratamiento basado en el consentimiento previo a su retirada.<\/p>\n<p class=\"p3\">Puedes ejercer materialmente estos derechos, enviando un email a la direcci\u00f3n <b>miren@artforlife.es <\/b>indicando cual es el derecho que solicitas y te enviaremos un formulario para ejercitarlo.<\/p>\n<p class=\"p1\">Asimismo, tienes derecho a presentar una reclamaci\u00f3n ante la Agencia Espa\u00f1ola de Protecci\u00f3n de Datos, especialmente si no se te ha satisfecho en el ejercicio de tus derechos. Para ello, deber\u00e1s acceder a la sede electr\u00f3nica en <a href=\"http:\/\/www.agpd.es\"><span class=\"s1\">www.agpd.es<\/span><\/a> y seguir las instrucciones que se indican.<\/p>\n\n\t\t<\/div>\n\t<\/div>\n<\/div><\/div><\/div><\/div>\n","protected":false},"excerpt":{"rendered":"Pol\u00edtica de Privacidad 1. \u00bfQui\u00e9n es responsable del tratamiento de tus datos? NOMBRE: MIREN BEGO\u00d1A LAUZIRIKA JAUREGI, en adelante, ART FOR LIFE NIF: 16.071.028-P DOMICILIO: C\/ NOVIA SALCEDO 30, 2\u00ba IZDA de GETXO \u2013 48.930 (BIZKAIA) EMAIL: MIREN@ARTFORLIFE.ES &nbsp; 2. \u00bfCon qu\u00e9 finalidad tratamos tus datos personales? Nuestra empresa trata la informaci\u00f3n que nos facilitan [...]","protected":false},"author":1,"featured_media":0,"parent":0,"menu_order":0,"comment_status":"closed","ping_status":"open","template":"","meta":{"footnotes":""},"class_list":["post-3","page","type-page","status-publish","hentry"],"yoast_head":"<!-- This site is optimized with the Yoast SEO plugin v27.5 - https:\/\/yoast.com\/product\/yoast-seo-wordpress\/ -->\n<title>Pol\u00edtica de privacidad - Art for life!<\/title>\n<meta name=\"robots\" content=\"index, follow, max-snippet:-1, max-image-preview:large, max-video-preview:-1\" \/>\n<link rel=\"canonical\" href=\"https:\/\/artforlife.es\/es\/politica-privacidad\/\" \/>\n<meta property=\"og:locale\" content=\"es_ES\" \/>\n<meta property=\"og:type\" content=\"article\" \/>\n<meta property=\"og:title\" content=\"Pol\u00edtica de privacidad - Art for life!\" \/>\n<meta property=\"og:url\" content=\"https:\/\/artforlife.es\/es\/politica-privacidad\/\" \/>\n<meta property=\"og:site_name\" content=\"Art for life!\" \/>\n<meta property=\"article:modified_time\" content=\"2021-06-23T07:31:26+00:00\" \/>\n<meta name=\"twitter:card\" content=\"summary_large_image\" \/>\n<meta name=\"twitter:site\" content=\"@mirenlauzirika\" \/>\n<meta name=\"twitter:label1\" content=\"Tiempo de lectura\" \/>\n\t<meta name=\"twitter:data1\" content=\"5 minutos\" \/>\n<script type=\"application\/ld+json\" class=\"yoast-schema-graph\">{\"@context\":\"https:\\\/\\\/schema.org\",\"@graph\":[{\"@type\":\"WebPage\",\"@id\":\"https:\\\/\\\/artforlife.es\\\/es\\\/politica-privacidad\\\/\",\"url\":\"https:\\\/\\\/artforlife.es\\\/es\\\/politica-privacidad\\\/\",\"name\":\"Pol\u00edtica de privacidad - Art for life!\",\"isPartOf\":{\"@id\":\"https:\\\/\\\/artforlife.es\\\/es\\\/#website\"},\"datePublished\":\"2020-11-11T17:06:09+00:00\",\"dateModified\":\"2021-06-23T07:31:26+00:00\",\"breadcrumb\":{\"@id\":\"https:\\\/\\\/artforlife.es\\\/es\\\/politica-privacidad\\\/#breadcrumb\"},\"inLanguage\":\"es\",\"potentialAction\":[{\"@type\":\"ReadAction\",\"target\":[\"https:\\\/\\\/artforlife.es\\\/es\\\/politica-privacidad\\\/\"]}]},{\"@type\":\"BreadcrumbList\",\"@id\":\"https:\\\/\\\/artforlife.es\\\/es\\\/politica-privacidad\\\/#breadcrumb\",\"itemListElement\":[{\"@type\":\"ListItem\",\"position\":1,\"name\":\"Portada\",\"item\":\"https:\\\/\\\/artforlife.es\\\/\"},{\"@type\":\"ListItem\",\"position\":2,\"name\":\"Pol\u00edtica de privacidad\"}]},{\"@type\":\"WebSite\",\"@id\":\"https:\\\/\\\/artforlife.es\\\/es\\\/#website\",\"url\":\"https:\\\/\\\/artforlife.es\\\/es\\\/\",\"name\":\"Art for life!\",\"description\":\"Consultor\u00eda creativa y formaci\u00f3n\",\"publisher\":{\"@id\":\"https:\\\/\\\/artforlife.es\\\/es\\\/#organization\"},\"potentialAction\":[{\"@type\":\"SearchAction\",\"target\":{\"@type\":\"EntryPoint\",\"urlTemplate\":\"https:\\\/\\\/artforlife.es\\\/es\\\/?s={search_term_string}\"},\"query-input\":{\"@type\":\"PropertyValueSpecification\",\"valueRequired\":true,\"valueName\":\"search_term_string\"}}],\"inLanguage\":\"es\"},{\"@type\":\"Organization\",\"@id\":\"https:\\\/\\\/artforlife.es\\\/es\\\/#organization\",\"name\":\"Art for Life!\",\"url\":\"https:\\\/\\\/artforlife.es\\\/es\\\/\",\"logo\":{\"@type\":\"ImageObject\",\"inLanguage\":\"es\",\"@id\":\"https:\\\/\\\/artforlife.es\\\/es\\\/#\\\/schema\\\/logo\\\/image\\\/\",\"url\":\"https:\\\/\\\/artforlife.es\\\/wp-content\\\/uploads\\\/2021\\\/04\\\/cropped-A.png\",\"contentUrl\":\"https:\\\/\\\/artforlife.es\\\/wp-content\\\/uploads\\\/2021\\\/04\\\/cropped-A.png\",\"width\":512,\"height\":512,\"caption\":\"Art for Life!\"},\"image\":{\"@id\":\"https:\\\/\\\/artforlife.es\\\/es\\\/#\\\/schema\\\/logo\\\/image\\\/\"},\"sameAs\":[\"https:\\\/\\\/x.com\\\/mirenlauzirika\",\"https:\\\/\\\/www.instagram.com\\\/miren_lauzirika\\\/\",\"https:\\\/\\\/www.linkedin.com\\\/in\\\/mirenlauzirika\\\/\"]}]}<\/script>\n<!-- \/ Yoast SEO plugin. -->","yoast_head_json":{"title":"Pol\u00edtica de privacidad - Art for life!","robots":{"index":"index","follow":"follow","max-snippet":"max-snippet:-1","max-image-preview":"max-image-preview:large","max-video-preview":"max-video-preview:-1"},"canonical":"https:\/\/artforlife.es\/es\/politica-privacidad\/","og_locale":"es_ES","og_type":"article","og_title":"Pol\u00edtica de privacidad - Art for life!","og_url":"https:\/\/artforlife.es\/es\/politica-privacidad\/","og_site_name":"Art for life!","article_modified_time":"2021-06-23T07:31:26+00:00","twitter_card":"summary_large_image","twitter_site":"@mirenlauzirika","twitter_misc":{"Tiempo de lectura":"5 minutos"},"schema":{"@context":"https:\/\/schema.org","@graph":[{"@type":"WebPage","@id":"https:\/\/artforlife.es\/es\/politica-privacidad\/","url":"https:\/\/artforlife.es\/es\/politica-privacidad\/","name":"Pol\u00edtica de privacidad - Art for life!","isPartOf":{"@id":"https:\/\/artforlife.es\/es\/#website"},"datePublished":"2020-11-11T17:06:09+00:00","dateModified":"2021-06-23T07:31:26+00:00","breadcrumb":{"@id":"https:\/\/artforlife.es\/es\/politica-privacidad\/#breadcrumb"},"inLanguage":"es","potentialAction":[{"@type":"ReadAction","target":["https:\/\/artforlife.es\/es\/politica-privacidad\/"]}]},{"@type":"BreadcrumbList","@id":"https:\/\/artforlife.es\/es\/politica-privacidad\/#breadcrumb","itemListElement":[{"@type":"ListItem","position":1,"name":"Portada","item":"https:\/\/artforlife.es\/"},{"@type":"ListItem","position":2,"name":"Pol\u00edtica de privacidad"}]},{"@type":"WebSite","@id":"https:\/\/artforlife.es\/es\/#website","url":"https:\/\/artforlife.es\/es\/","name":"Art for life!","description":"Consultor\u00eda creativa y formaci\u00f3n","publisher":{"@id":"https:\/\/artforlife.es\/es\/#organization"},"potentialAction":[{"@type":"SearchAction","target":{"@type":"EntryPoint","urlTemplate":"https:\/\/artforlife.es\/es\/?s={search_term_string}"},"query-input":{"@type":"PropertyValueSpecification","valueRequired":true,"valueName":"search_term_string"}}],"inLanguage":"es"},{"@type":"Organization","@id":"https:\/\/artforlife.es\/es\/#organization","name":"Art for Life!","url":"https:\/\/artforlife.es\/es\/","logo":{"@type":"ImageObject","inLanguage":"es","@id":"https:\/\/artforlife.es\/es\/#\/schema\/logo\/image\/","url":"https:\/\/artforlife.es\/wp-content\/uploads\/2021\/04\/cropped-A.png","contentUrl":"https:\/\/artforlife.es\/wp-content\/uploads\/2021\/04\/cropped-A.png","width":512,"height":512,"caption":"Art for Life!"},"image":{"@id":"https:\/\/artforlife.es\/es\/#\/schema\/logo\/image\/"},"sameAs":["https:\/\/x.com\/mirenlauzirika","https:\/\/www.instagram.com\/miren_lauzirika\/","https:\/\/www.linkedin.com\/in\/mirenlauzirika\/"]}]}},"_links":{"self":[{"href":"https:\/\/artforlife.es\/es\/wp-json\/wp\/v2\/pages\/3","targetHints":{"allow":["GET"]}}],"collection":[{"href":"https:\/\/artforlife.es\/es\/wp-json\/wp\/v2\/pages"}],"about":[{"href":"https:\/\/artforlife.es\/es\/wp-json\/wp\/v2\/types\/page"}],"author":[{"embeddable":true,"href":"https:\/\/artforlife.es\/es\/wp-json\/wp\/v2\/users\/1"}],"replies":[{"embeddable":true,"href":"https:\/\/artforlife.es\/es\/wp-json\/wp\/v2\/comments?post=3"}],"version-history":[{"count":9,"href":"https:\/\/artforlife.es\/es\/wp-json\/wp\/v2\/pages\/3\/revisions"}],"predecessor-version":[{"id":1394,"href":"https:\/\/artforlife.es\/es\/wp-json\/wp\/v2\/pages\/3\/revisions\/1394"}],"wp:attachment":[{"href":"https:\/\/artforlife.es\/es\/wp-json\/wp\/v2\/media?parent=3"}],"curies":[{"name":"wp","href":"https:\/\/api.w.org\/{rel}","templated":true}]}}